{"id":348,"date":"2020-02-26T06:48:43","date_gmt":"2020-02-26T06:48:43","guid":{"rendered":"https:\/\/feguihand.com\/home-1\/"},"modified":"2020-11-25T17:38:32","modified_gmt":"2020-11-25T17:38:32","slug":"home-1","status":"publish","type":"page","link":"https:\/\/feguihand.com\/indexp.php\/","title":{"rendered":"Bienvenue sur FeguiHand.com"},"content":{"rendered":"<div class=\"wpb-content-wrapper\"><p>[vc_row][vc_column]<div  class=\"jeg_slider_wrapper jnews_module__0_69ee564aaaf3f  no-overlay \">\n                    <div class=\"jeg_slider_type_5 jeg_slider jeg_col_2o3 owl-carousel\" data-autoplay=\"true\" data-delay=\"3000\">\n                        <div class=\"jeg_slide_item post-3696 post type-post status-publish format-standard has-post-thumbnail hentry category-featured\" style=\"background-image: url(https:\/\/feguihand.com\/wp-content\/uploads\/2026\/04\/IMG_2297-750x375.jpeg)\">\n                    \n                    <div class=\"jeg_slide_caption\">\n                        <div class=\"jeg_caption_container\">\n                            <div class=\"jeg_post_category\">\n                                <a href=\"https:\/\/feguihand.com\/indexp.php\/category\/featured\/\" class=\"category-featured\">Actualit\u00e9<\/a>\n                            <\/div>\n                            <h2 class=\"jeg_post_title\">\n                                <a href=\"https:\/\/feguihand.com\/indexp.php\/message-de-voeux-danniversaire-au-president-mansourou-aremou\/\">Message de v\u0153ux d\u2019anniversaire au Pr\u00e9sident Mansourou Aremou<\/a>\n                            <\/h2>\n                            <div class=\"jeg_post_meta\"><span class=\"jeg_meta_author\">par <a href=\"https:\/\/feguihand.com\/indexp.php\/author\/djibitoure743\/\">Cellule de Com<\/a><\/span><span class=\"jeg_meta_date\">16 avril 2026<\/span><\/div>\n                        <\/div>\n                    <\/div>\n                <\/div><div class=\"jeg_slide_item post-3686 post type-post status-publish format-standard has-post-thumbnail hentry category-featured\" style=\"background-image: url(https:\/\/feguihand.com\/wp-content\/uploads\/2026\/04\/IMG_2110-750x375.jpeg)\">\n                    \n                    <div class=\"jeg_slide_caption\">\n                        <div class=\"jeg_caption_container\">\n                            <div class=\"jeg_post_category\">\n                                <a href=\"https:\/\/feguihand.com\/indexp.php\/category\/featured\/\" class=\"category-featured\">Actualit\u00e9<\/a>\n                            <\/div>\n                            <h2 class=\"jeg_post_title\">\n                                <a href=\"https:\/\/feguihand.com\/indexp.php\/la-cahb-salue-le-double-historique-de-la-guinee-au-sommet-du-monde\/\">La CAHB salue le doubl\u00e9 historique de la Guin\u00e9e au sommet du monde<\/a>\n                            <\/h2>\n                            <div class=\"jeg_post_meta\"><span class=\"jeg_meta_author\">par <a href=\"https:\/\/feguihand.com\/indexp.php\/author\/djibitoure743\/\">Cellule de Com<\/a><\/span><span class=\"jeg_meta_date\">13 avril 2026<\/span><\/div>\n                        <\/div>\n                    <\/div>\n                <\/div><div class=\"jeg_slide_item post-3684 post type-post status-publish format-standard has-post-thumbnail hentry category-featured\" style=\"background-image: url(https:\/\/feguihand.com\/wp-content\/uploads\/2026\/04\/IMG_1966-750x375.jpeg)\">\n                    \n                    <div class=\"jeg_slide_caption\">\n                        <div class=\"jeg_caption_container\">\n                            <div class=\"jeg_post_category\">\n                                <a href=\"https:\/\/feguihand.com\/indexp.php\/category\/featured\/\" class=\"category-featured\">Actualit\u00e9<\/a>\n                            <\/div>\n                            <h2 class=\"jeg_post_title\">\n                                <a href=\"https:\/\/feguihand.com\/indexp.php\/ihf-trophy-la-guinee-sur-le-toit-du-monde-avec-un-double-historique\/\">IHF Trophy : La Guin\u00e9e sur le toit du monde avec un doubl\u00e9 historique<\/a>\n                            <\/h2>\n                            <div class=\"jeg_post_meta\"><span class=\"jeg_meta_author\">par <a href=\"https:\/\/feguihand.com\/indexp.php\/author\/djibitoure743\/\">Cellule de Com<\/a><\/span><span class=\"jeg_meta_date\">11 avril 2026<\/span><\/div>\n                        <\/div>\n                    <\/div>\n                <\/div><div class=\"jeg_slide_item post-3674 post type-post status-publish format-standard has-post-thumbnail hentry category-featured category-d1 category-equipe-nationale-senior\" style=\"background-image: url(https:\/\/feguihand.com\/wp-content\/uploads\/2026\/04\/IMG_1776-750x375.jpeg)\">\n                    \n                    <div class=\"jeg_slide_caption\">\n                        <div class=\"jeg_caption_container\">\n                            <div class=\"jeg_post_category\">\n                                <a href=\"https:\/\/feguihand.com\/indexp.php\/category\/featured\/\" class=\"category-featured\">Actualit\u00e9<\/a>\n                            <\/div>\n                            <h2 class=\"jeg_post_title\">\n                                <a href=\"https:\/\/feguihand.com\/indexp.php\/lequipe-feminine-a-en-stage-de-preparation-pour-la-can-2026\/\">L\u2019\u00e9quipe f\u00e9minine A en stage de pr\u00e9paration pour la CAN 2026<\/a>\n                            <\/h2>\n                            <div class=\"jeg_post_meta\"><span class=\"jeg_meta_author\">par <a href=\"https:\/\/feguihand.com\/indexp.php\/author\/djibitoure743\/\">Cellule de Com<\/a><\/span><span class=\"jeg_meta_date\">9 avril 2026<\/span><\/div>\n                        <\/div>\n                    <\/div>\n                <\/div><div class=\"jeg_slide_item post-3671 post type-post status-publish format-standard has-post-thumbnail hentry category-featured\" style=\"background-image: url(https:\/\/feguihand.com\/wp-content\/uploads\/2026\/04\/IMG_1689-750x375.jpeg)\">\n                    \n                    <div class=\"jeg_slide_caption\">\n                        <div class=\"jeg_caption_container\">\n                            <div class=\"jeg_post_category\">\n                                <a href=\"https:\/\/feguihand.com\/indexp.php\/category\/featured\/\" class=\"category-featured\">Actualit\u00e9<\/a>\n                            <\/div>\n                            <h2 class=\"jeg_post_title\">\n                                <a href=\"https:\/\/feguihand.com\/indexp.php\/ihf-trophy-apres-lexploit-des-cadettes-les-juniors-simposent-face-a-louzbekistan\/\">IHF Trophy : apr\u00e8s l\u2019exploit des cadettes, les juniors s&rsquo;imposent face \u00e0 l&rsquo;Ouzb\u00e9kistan<\/a>\n                            <\/h2>\n                            <div class=\"jeg_post_meta\"><span class=\"jeg_meta_author\">par <a href=\"https:\/\/feguihand.com\/indexp.php\/author\/djibitoure743\/\">Cellule de Com<\/a><\/span><span class=\"jeg_meta_date\">8 avril 2026<\/span><\/div>\n                        <\/div>\n                    <\/div>\n                <\/div>\n                    <\/div>\n                    \n                <\/div>[\/vc_column][\/vc_row][vc_row vc_row_background=\u00a0\u00bb\u00a0\u00bb][vc_column width=\u00a0\u00bb2\/3&Prime;]<div  class=\"jeg_postblock_19 jeg_postblock jeg_module_hook jeg_pagination_disable jeg_col_2o3 jnews_module__1_69ee564ab030d   \" data-unique=\"jnews_module__1_69ee564ab030d\">\n                <div class=\"jeg_block_heading jeg_block_heading_6 jeg_subcat_right\">\n                    <h3 class=\"jeg_block_title\"><span>ACTUALIT\u00c9<\/span><\/h3>\n                    \n                <\/div>\n                <div class=\"jeg_block_container\">\n                \n                <div class=\"jeg_posts jeg_load_more_flag\">\n                <article class=\"jeg_post jeg_pl_md_box post-3696 post type-post status-publish format-standard has-post-thumbnail hentry category-featured\">\n                <div class=\"box_wrap\">\n                    <div class=\"jeg_thumb\">\n                        \n                        <a href=\"https:\/\/feguihand.com\/indexp.php\/message-de-voeux-danniversaire-au-president-mansourou-aremou\/\"><div class=\"thumbnail-container animate-lazy  size-715 \"><img loading=\"lazy\" decoding=\"async\" width=\"350\" height=\"250\" src=\"https:\/\/feguihand.com\/wp-content\/themes\/FeguiHand\/assets\/img\/jeg-empty.png\" class=\"attachment-jnews-350x250 size-jnews-350x250 lazyload wp-post-image\" alt=\"Message de v\u0153ux d\u2019anniversaire au Pr\u00e9sident Mansourou Aremou\" data-src=\"https:\/\/feguihand.com\/wp-content\/uploads\/2026\/04\/IMG_2297-350x250.jpeg\" data-sizes=\"auto\" data-srcset=\"https:\/\/feguihand.com\/wp-content\/uploads\/2026\/04\/IMG_2297-350x250.jpeg 350w, https:\/\/feguihand.com\/wp-content\/uploads\/2026\/04\/IMG_2297-120x86.jpeg 120w, https:\/\/feguihand.com\/wp-content\/uploads\/2026\/04\/IMG_2297-750x536.jpeg 750w, https:\/\/feguihand.com\/wp-content\/uploads\/2026\/04\/IMG_2297-1140x815.jpeg 1140w\" data-expand=\"700\" \/><\/div><\/a>\n                    <\/div>\n                    <div class=\"jeg_postblock_content\">\n                        <h3 class=\"jeg_post_title\">\n                            <a href=\"https:\/\/feguihand.com\/indexp.php\/message-de-voeux-danniversaire-au-president-mansourou-aremou\/\">Message de v\u0153ux d\u2019anniversaire au Pr\u00e9sident Mansourou Aremou<\/a>\n                        <\/h3>\n                        <div class=\"jeg_post_meta\"><div class=\"jeg_meta_date\"><a href=\"https:\/\/feguihand.com\/indexp.php\/message-de-voeux-danniversaire-au-president-mansourou-aremou\/\" ><i class=\"fa fa-clock-o\"><\/i> 16 avril 2026<\/a><\/div><\/div>\n                    <\/div>\n                <\/div>\n            <\/article><article class=\"jeg_post jeg_pl_md_box post-3686 post type-post status-publish format-standard has-post-thumbnail hentry category-featured\">\n                <div class=\"box_wrap\">\n                    <div class=\"jeg_thumb\">\n                        \n                        <a href=\"https:\/\/feguihand.com\/indexp.php\/la-cahb-salue-le-double-historique-de-la-guinee-au-sommet-du-monde\/\"><div class=\"thumbnail-container animate-lazy  size-715 \"><img loading=\"lazy\" decoding=\"async\" width=\"350\" height=\"250\" src=\"https:\/\/feguihand.com\/wp-content\/themes\/FeguiHand\/assets\/img\/jeg-empty.png\" class=\"attachment-jnews-350x250 size-jnews-350x250 lazyload wp-post-image\" alt=\"La CAHB salue le doubl\u00e9 historique de la Guin\u00e9e au sommet du monde\" data-src=\"https:\/\/feguihand.com\/wp-content\/uploads\/2026\/04\/IMG_2110-350x250.jpeg\" data-sizes=\"auto\" data-srcset=\"https:\/\/feguihand.com\/wp-content\/uploads\/2026\/04\/IMG_2110-350x250.jpeg 350w, https:\/\/feguihand.com\/wp-content\/uploads\/2026\/04\/IMG_2110-120x86.jpeg 120w, https:\/\/feguihand.com\/wp-content\/uploads\/2026\/04\/IMG_2110-750x536.jpeg 750w\" data-expand=\"700\" \/><\/div><\/a>\n                    <\/div>\n                    <div class=\"jeg_postblock_content\">\n                        <h3 class=\"jeg_post_title\">\n                            <a href=\"https:\/\/feguihand.com\/indexp.php\/la-cahb-salue-le-double-historique-de-la-guinee-au-sommet-du-monde\/\">La CAHB salue le doubl\u00e9 historique de la Guin\u00e9e au sommet du monde<\/a>\n                        <\/h3>\n                        <div class=\"jeg_post_meta\"><div class=\"jeg_meta_date\"><a href=\"https:\/\/feguihand.com\/indexp.php\/la-cahb-salue-le-double-historique-de-la-guinee-au-sommet-du-monde\/\" ><i class=\"fa fa-clock-o\"><\/i> 13 avril 2026<\/a><\/div><\/div>\n                    <\/div>\n                <\/div>\n            <\/article><article class=\"jeg_post jeg_pl_sm post-3684 post type-post status-publish format-standard has-post-thumbnail hentry category-featured\">\n                <div class=\"jeg_thumb\">\n                    \n                    <a href=\"https:\/\/feguihand.com\/indexp.php\/ihf-trophy-la-guinee-sur-le-toit-du-monde-avec-un-double-historique\/\"><div class=\"thumbnail-container animate-lazy  size-715 \"><img loading=\"lazy\" decoding=\"async\" width=\"120\" height=\"86\" src=\"https:\/\/feguihand.com\/wp-content\/themes\/FeguiHand\/assets\/img\/jeg-empty.png\" class=\"attachment-jnews-120x86 size-jnews-120x86 lazyload wp-post-image\" alt=\"IHF Trophy : La Guin\u00e9e sur le toit du monde avec un doubl\u00e9 historique\" data-src=\"https:\/\/feguihand.com\/wp-content\/uploads\/2026\/04\/IMG_1966-120x86.jpeg\" data-sizes=\"auto\" data-srcset=\"https:\/\/feguihand.com\/wp-content\/uploads\/2026\/04\/IMG_1966-120x86.jpeg 120w, https:\/\/feguihand.com\/wp-content\/uploads\/2026\/04\/IMG_1966-350x250.jpeg 350w, https:\/\/feguihand.com\/wp-content\/uploads\/2026\/04\/IMG_1966-750x536.jpeg 750w, https:\/\/feguihand.com\/wp-content\/uploads\/2026\/04\/IMG_1966-1140x815.jpeg 1140w\" data-expand=\"700\" \/><\/div><\/a>\n                <\/div>\n                <div class=\"jeg_postblock_content\">\n                    <h3 class=\"jeg_post_title\">\n                        <a href=\"https:\/\/feguihand.com\/indexp.php\/ihf-trophy-la-guinee-sur-le-toit-du-monde-avec-un-double-historique\/\">IHF Trophy : La Guin\u00e9e sur le toit du monde avec un doubl\u00e9 historique<\/a>\n                    <\/h3>\n                    <div class=\"jeg_post_meta\"><div class=\"jeg_meta_date\"><a href=\"https:\/\/feguihand.com\/indexp.php\/ihf-trophy-la-guinee-sur-le-toit-du-monde-avec-un-double-historique\/\" ><i class=\"fa fa-clock-o\"><\/i> 11 avril 2026<\/a><\/div><\/div>\n                <\/div>\n            <\/article><article class=\"jeg_post jeg_pl_sm post-3674 post type-post status-publish format-standard has-post-thumbnail hentry category-featured category-d1 category-equipe-nationale-senior\">\n                <div class=\"jeg_thumb\">\n                    \n                    <a href=\"https:\/\/feguihand.com\/indexp.php\/lequipe-feminine-a-en-stage-de-preparation-pour-la-can-2026\/\"><div class=\"thumbnail-container animate-lazy  size-715 \"><img loading=\"lazy\" decoding=\"async\" width=\"120\" height=\"86\" src=\"https:\/\/feguihand.com\/wp-content\/themes\/FeguiHand\/assets\/img\/jeg-empty.png\" class=\"attachment-jnews-120x86 size-jnews-120x86 lazyload wp-post-image\" alt=\"L\u2019\u00e9quipe f\u00e9minine A en stage de pr\u00e9paration pour la CAN 2026\" data-src=\"https:\/\/feguihand.com\/wp-content\/uploads\/2026\/04\/IMG_1776-120x86.jpeg\" data-sizes=\"auto\" data-srcset=\"https:\/\/feguihand.com\/wp-content\/uploads\/2026\/04\/IMG_1776-120x86.jpeg 120w, https:\/\/feguihand.com\/wp-content\/uploads\/2026\/04\/IMG_1776-350x250.jpeg 350w, https:\/\/feguihand.com\/wp-content\/uploads\/2026\/04\/IMG_1776-750x536.jpeg 750w, https:\/\/feguihand.com\/wp-content\/uploads\/2026\/04\/IMG_1776-1140x815.jpeg 1140w\" data-expand=\"700\" \/><\/div><\/a>\n                <\/div>\n                <div class=\"jeg_postblock_content\">\n                    <h3 class=\"jeg_post_title\">\n                        <a href=\"https:\/\/feguihand.com\/indexp.php\/lequipe-feminine-a-en-stage-de-preparation-pour-la-can-2026\/\">L\u2019\u00e9quipe f\u00e9minine A en stage de pr\u00e9paration pour la CAN 2026<\/a>\n                    <\/h3>\n                    <div class=\"jeg_post_meta\"><div class=\"jeg_meta_date\"><a href=\"https:\/\/feguihand.com\/indexp.php\/lequipe-feminine-a-en-stage-de-preparation-pour-la-can-2026\/\" ><i class=\"fa fa-clock-o\"><\/i> 9 avril 2026<\/a><\/div><\/div>\n                <\/div>\n            <\/article><article class=\"jeg_post jeg_pl_sm post-3671 post type-post status-publish format-standard has-post-thumbnail hentry category-featured\">\n                <div class=\"jeg_thumb\">\n                    \n                    <a href=\"https:\/\/feguihand.com\/indexp.php\/ihf-trophy-apres-lexploit-des-cadettes-les-juniors-simposent-face-a-louzbekistan\/\"><div class=\"thumbnail-container animate-lazy  size-715 \"><img loading=\"lazy\" decoding=\"async\" width=\"120\" height=\"86\" src=\"https:\/\/feguihand.com\/wp-content\/themes\/FeguiHand\/assets\/img\/jeg-empty.png\" class=\"attachment-jnews-120x86 size-jnews-120x86 lazyload wp-post-image\" alt=\"IHF Trophy : apr\u00e8s l\u2019exploit des cadettes, les juniors s&rsquo;imposent face \u00e0 l&rsquo;Ouzb\u00e9kistan\" data-src=\"https:\/\/feguihand.com\/wp-content\/uploads\/2026\/04\/IMG_1689-120x86.jpeg\" data-sizes=\"auto\" data-srcset=\"https:\/\/feguihand.com\/wp-content\/uploads\/2026\/04\/IMG_1689-120x86.jpeg 120w, https:\/\/feguihand.com\/wp-content\/uploads\/2026\/04\/IMG_1689-350x250.jpeg 350w, https:\/\/feguihand.com\/wp-content\/uploads\/2026\/04\/IMG_1689-750x536.jpeg 750w, https:\/\/feguihand.com\/wp-content\/uploads\/2026\/04\/IMG_1689-1140x815.jpeg 1140w\" data-expand=\"700\" \/><\/div><\/a>\n                <\/div>\n                <div class=\"jeg_postblock_content\">\n                    <h3 class=\"jeg_post_title\">\n                        <a href=\"https:\/\/feguihand.com\/indexp.php\/ihf-trophy-apres-lexploit-des-cadettes-les-juniors-simposent-face-a-louzbekistan\/\">IHF Trophy : apr\u00e8s l\u2019exploit des cadettes, les juniors s&rsquo;imposent face \u00e0 l&rsquo;Ouzb\u00e9kistan<\/a>\n                    <\/h3>\n                    <div class=\"jeg_post_meta\"><div class=\"jeg_meta_date\"><a href=\"https:\/\/feguihand.com\/indexp.php\/ihf-trophy-apres-lexploit-des-cadettes-les-juniors-simposent-face-a-louzbekistan\/\" ><i class=\"fa fa-clock-o\"><\/i> 8 avril 2026<\/a><\/div><\/div>\n                <\/div>\n            <\/article><article class=\"jeg_post jeg_pl_sm post-3667 post type-post status-publish format-standard has-post-thumbnail hentry category-featured\">\n                <div class=\"jeg_thumb\">\n                    \n                    <a href=\"https:\/\/feguihand.com\/indexp.php\/le-syli-handball-cadettes-et-juniors-en-route-pour-les-visas-avant-lihf-trophy\/\"><div class=\"thumbnail-container animate-lazy  size-715 \"><img loading=\"lazy\" decoding=\"async\" width=\"120\" height=\"86\" src=\"https:\/\/feguihand.com\/wp-content\/themes\/FeguiHand\/assets\/img\/jeg-empty.png\" class=\"attachment-jnews-120x86 size-jnews-120x86 lazyload wp-post-image\" alt=\"le Syli Handball cadettes et juniors en route pour les visas avant l\u2019IHF Trophy\" data-src=\"https:\/\/feguihand.com\/wp-content\/uploads\/2026\/03\/IMG_0335-120x86.jpeg\" data-sizes=\"auto\" data-srcset=\"https:\/\/feguihand.com\/wp-content\/uploads\/2026\/03\/IMG_0335-120x86.jpeg 120w, https:\/\/feguihand.com\/wp-content\/uploads\/2026\/03\/IMG_0335-350x250.jpeg 350w, https:\/\/feguihand.com\/wp-content\/uploads\/2026\/03\/IMG_0335-750x536.jpeg 750w, https:\/\/feguihand.com\/wp-content\/uploads\/2026\/03\/IMG_0335-1140x815.jpeg 1140w\" data-expand=\"700\" \/><\/div><\/a>\n                <\/div>\n                <div class=\"jeg_postblock_content\">\n                    <h3 class=\"jeg_post_title\">\n                        <a href=\"https:\/\/feguihand.com\/indexp.php\/le-syli-handball-cadettes-et-juniors-en-route-pour-les-visas-avant-lihf-trophy\/\">le Syli Handball cadettes et juniors en route pour les visas avant l\u2019IHF Trophy<\/a>\n                    <\/h3>\n                    <div class=\"jeg_post_meta\"><div class=\"jeg_meta_date\"><a href=\"https:\/\/feguihand.com\/indexp.php\/le-syli-handball-cadettes-et-juniors-en-route-pour-les-visas-avant-lihf-trophy\/\" ><i class=\"fa fa-clock-o\"><\/i> 8 mars 2026<\/a><\/div><\/div>\n                <\/div>\n            <\/article>\n            <\/div>\n                <div class='module-overlay'>\n                <div class='preloader_type preloader_dot'>\n                    <div class=\"module-preloader jeg_preloader dot\">\n                        <span><\/span><span><\/span><span><\/span>\n                    <\/div>\n                    <div class=\"module-preloader jeg_preloader circle\">\n                        <div class=\"jnews_preloader_circle_outer\">\n                            <div class=\"jnews_preloader_circle_inner\"><\/div>\n                        <\/div>\n                    <\/div>\n                    <div class=\"module-preloader jeg_preloader square\">\n                        <div class=\"jeg_square\"><div class=\"jeg_square_inner\"><\/div><\/div>\n                    <\/div>\n                <\/div>\n            <\/div>\n            <\/div>\n            <div class=\"jeg_block_navigation\">\n                <div class='navigation_overlay'><div class='module-preloader jeg_preloader'><span><\/span><span><\/span><span><\/span><\/div><\/div>\n                \n                \n            <\/div>\n                \n                <script>var jnews_module__1_69ee564ab030d = {\"header_icon\":\"\",\"first_title\":\"ACTUALIT\\u00c9\",\"second_title\":\"\",\"url\":\"\",\"header_type\":\"heading_6\",\"header_background\":\"\",\"header_secondary_background\":\"\",\"header_text_color\":\"\",\"header_line_color\":\"\",\"header_accent_color\":\"\",\"header_filter_category\":\"\",\"header_filter_author\":\"\",\"header_filter_tag\":\"\",\"header_filter_text\":\"All\",\"post_type\":\"post\",\"content_type\":\"all\",\"number_post\":\"6\",\"post_offset\":\"0\",\"unique_content\":\"unique1\",\"include_post\":\"\",\"exclude_post\":\"\",\"include_category\":\"\",\"exclude_category\":\"\",\"include_author\":\"\",\"include_tag\":\"\",\"exclude_tag\":\"\",\"sort_by\":\"latest\",\"date_format\":\"default\",\"date_format_custom\":\"Y\\\/m\\\/d\",\"pagination_mode\":\"disable\",\"pagination_nextprev_showtext\":\"\",\"pagination_number_post\":6,\"pagination_scroll_limit\":0,\"boxed\":\"\",\"boxed_shadow\":\"\",\"el_id\":\"\",\"el_class\":\"\",\"scheme\":\"\",\"column_width\":\"auto\",\"title_color\":\"\",\"accent_color\":\"\",\"alt_color\":\"\",\"excerpt_color\":\"\",\"css\":\"\",\"compatible_column_notice\":\"\",\"paged\":1,\"column_class\":\"jeg_col_2o3\",\"class\":\"jnews_block_19\"};<\/script>\n            <\/div><div  class=\"jeg_postblock_carousel_1 jeg_postblock jeg_col_8 jnews_module__2_69ee564ab539f   \">\n                    <div class=\"jeg_carousel_post owl-carousel\" data-nav='true' data-autoplay='' data-delay='3000' data-items='3' data-margin='20'>\n                        <article class=\"jeg_post post-3598 post type-post status-publish format-standard has-post-thumbnail hentry category-featured category-championnat-national category-les-competitions\">\n                    <div class=\"jeg_thumb\">\n                        \n                        <a href=\"https:\/\/feguihand.com\/indexp.php\/debut-du-championnat-masculin-saison-2025\/\"><div class=\"thumbnail-container animate-lazy  size-715 \"><img loading=\"lazy\" decoding=\"async\" width=\"350\" height=\"250\" src=\"https:\/\/feguihand.com\/wp-content\/themes\/FeguiHand\/assets\/img\/jeg-empty.png\" class=\"attachment-jnews-350x250 size-jnews-350x250 lazyload wp-post-image\" alt=\"D\u00e9but du championnat masculin &#8211; Saison 2025\" data-src=\"https:\/\/feguihand.com\/wp-content\/uploads\/2025\/10\/64DB3415-2BDA-4ADA-9C1D-262F155B4619-350x250.jpeg\" data-sizes=\"auto\" data-srcset=\"https:\/\/feguihand.com\/wp-content\/uploads\/2025\/10\/64DB3415-2BDA-4ADA-9C1D-262F155B4619-350x250.jpeg 350w, https:\/\/feguihand.com\/wp-content\/uploads\/2025\/10\/64DB3415-2BDA-4ADA-9C1D-262F155B4619-120x86.jpeg 120w, https:\/\/feguihand.com\/wp-content\/uploads\/2025\/10\/64DB3415-2BDA-4ADA-9C1D-262F155B4619-750x536.jpeg 750w, https:\/\/feguihand.com\/wp-content\/uploads\/2025\/10\/64DB3415-2BDA-4ADA-9C1D-262F155B4619-1140x815.jpeg 1140w\" data-expand=\"700\" \/><\/div><\/a>\n                    <\/div>\n                    <div class=\"jeg_postblock_content\">\n                        <h3 class=\"jeg_post_title\"><a href=\"https:\/\/feguihand.com\/indexp.php\/debut-du-championnat-masculin-saison-2025\/\">D\u00e9but du championnat masculin &#8211; Saison 2025<\/a><\/h3>\n                        <div class=\"jeg_post_meta\">\n\t\t\t\t\t\n                    <div class=\"jeg_meta_date\"><i class=\"fa fa-clock-o\"><\/i> 4 octobre 2025<\/div>\n                <\/div>\n                    <\/div>\n                <\/article><article class=\"jeg_post post-3528 post type-post status-publish format-standard has-post-thumbnail hentry category-featured category-championnat-national\">\n                    <div class=\"jeg_thumb\">\n                        \n                        <a href=\"https:\/\/feguihand.com\/indexp.php\/lancement-officiel-de-la-ligue-1-guinee-millions-a-conakry\/\"><div class=\"thumbnail-container animate-lazy  size-715 \"><img loading=\"lazy\" decoding=\"async\" width=\"350\" height=\"250\" src=\"https:\/\/feguihand.com\/wp-content\/themes\/FeguiHand\/assets\/img\/jeg-empty.png\" class=\"attachment-jnews-350x250 size-jnews-350x250 lazyload wp-post-image\" alt=\"Lancement officiel de la Ligue 1 Guin\u00e9e Millions \u00e0 Conakry\" data-src=\"https:\/\/feguihand.com\/wp-content\/uploads\/2025\/07\/05A0AD5F-F94F-44CA-8523-9FEEEA5A2D0D-350x250.jpeg\" data-sizes=\"auto\" data-srcset=\"https:\/\/feguihand.com\/wp-content\/uploads\/2025\/07\/05A0AD5F-F94F-44CA-8523-9FEEEA5A2D0D-350x250.jpeg 350w, https:\/\/feguihand.com\/wp-content\/uploads\/2025\/07\/05A0AD5F-F94F-44CA-8523-9FEEEA5A2D0D-120x86.jpeg 120w, https:\/\/feguihand.com\/wp-content\/uploads\/2025\/07\/05A0AD5F-F94F-44CA-8523-9FEEEA5A2D0D-750x536.jpeg 750w, https:\/\/feguihand.com\/wp-content\/uploads\/2025\/07\/05A0AD5F-F94F-44CA-8523-9FEEEA5A2D0D-1140x815.jpeg 1140w\" data-expand=\"700\" \/><\/div><\/a>\n                    <\/div>\n                    <div class=\"jeg_postblock_content\">\n                        <h3 class=\"jeg_post_title\"><a href=\"https:\/\/feguihand.com\/indexp.php\/lancement-officiel-de-la-ligue-1-guinee-millions-a-conakry\/\">Lancement officiel de la Ligue 1 Guin\u00e9e Millions \u00e0 Conakry<\/a><\/h3>\n                        <div class=\"jeg_post_meta\">\n\t\t\t\t\t\n                    <div class=\"jeg_meta_date\"><i class=\"fa fa-clock-o\"><\/i> 17 juillet 2025<\/div>\n                <\/div>\n                    <\/div>\n                <\/article><article class=\"jeg_post post-1897 post type-post status-publish format-standard has-post-thumbnail hentry category-championnat-national\">\n                    <div class=\"jeg_thumb\">\n                        \n                        <a href=\"https:\/\/feguihand.com\/indexp.php\/ligue-1-lasm-de-sangaredi-plus-forte-que-le-club-espoir\/\"><div class=\"thumbnail-container animate-lazy  size-715 \"><img loading=\"lazy\" decoding=\"async\" width=\"350\" height=\"250\" src=\"https:\/\/feguihand.com\/wp-content\/themes\/FeguiHand\/assets\/img\/jeg-empty.png\" class=\"attachment-jnews-350x250 size-jnews-350x250 lazyload wp-post-image\" alt=\"Ligue 1 : L\u2019ASM de Sangaredi plus forte que le club Espoir\" data-src=\"https:\/\/feguihand.com\/wp-content\/uploads\/2022\/09\/C52DB531-5DB3-4408-BA1C-8552CAFCE7AF-350x250.jpeg\" data-sizes=\"auto\" data-srcset=\"https:\/\/feguihand.com\/wp-content\/uploads\/2022\/09\/C52DB531-5DB3-4408-BA1C-8552CAFCE7AF-350x250.jpeg 350w, https:\/\/feguihand.com\/wp-content\/uploads\/2022\/09\/C52DB531-5DB3-4408-BA1C-8552CAFCE7AF-120x86.jpeg 120w, https:\/\/feguihand.com\/wp-content\/uploads\/2022\/09\/C52DB531-5DB3-4408-BA1C-8552CAFCE7AF-750x536.jpeg 750w, https:\/\/feguihand.com\/wp-content\/uploads\/2022\/09\/C52DB531-5DB3-4408-BA1C-8552CAFCE7AF-1140x815.jpeg 1140w\" data-expand=\"700\" \/><\/div><\/a>\n                    <\/div>\n                    <div class=\"jeg_postblock_content\">\n                        <h3 class=\"jeg_post_title\"><a href=\"https:\/\/feguihand.com\/indexp.php\/ligue-1-lasm-de-sangaredi-plus-forte-que-le-club-espoir\/\">Ligue 1 : L\u2019ASM de Sangaredi plus forte que le club Espoir<\/a><\/h3>\n                        <div class=\"jeg_post_meta\">\n\t\t\t\t\t\n                    <div class=\"jeg_meta_date\"><i class=\"fa fa-clock-o\"><\/i> 3 septembre 2022<\/div>\n                <\/div>\n                    <\/div>\n                <\/article><article class=\"jeg_post post-1891 post type-post status-publish format-standard has-post-thumbnail hentry category-championnat-national\">\n                    <div class=\"jeg_thumb\">\n                        \n                        <a href=\"https:\/\/feguihand.com\/indexp.php\/ligue-1-feminine-les-resultats-de-la-2eme-journee-phase-retour\/\"><div class=\"thumbnail-container animate-lazy  size-715 \"><img loading=\"lazy\" decoding=\"async\" width=\"350\" height=\"250\" src=\"https:\/\/feguihand.com\/wp-content\/themes\/FeguiHand\/assets\/img\/jeg-empty.png\" class=\"attachment-jnews-350x250 size-jnews-350x250 lazyload wp-post-image\" alt=\"\" data-src=\"https:\/\/feguihand.com\/wp-content\/uploads\/2022\/09\/965802D0-5135-4083-83F0-73D88B2AC14C-350x250.jpeg\" data-sizes=\"auto\" data-srcset=\"https:\/\/feguihand.com\/wp-content\/uploads\/2022\/09\/965802D0-5135-4083-83F0-73D88B2AC14C-350x250.jpeg 350w, https:\/\/feguihand.com\/wp-content\/uploads\/2022\/09\/965802D0-5135-4083-83F0-73D88B2AC14C-120x86.jpeg 120w, https:\/\/feguihand.com\/wp-content\/uploads\/2022\/09\/965802D0-5135-4083-83F0-73D88B2AC14C-750x536.jpeg 750w, https:\/\/feguihand.com\/wp-content\/uploads\/2022\/09\/965802D0-5135-4083-83F0-73D88B2AC14C-1140x815.jpeg 1140w\" data-expand=\"700\" \/><\/div><\/a>\n                    <\/div>\n                    <div class=\"jeg_postblock_content\">\n                        <h3 class=\"jeg_post_title\"><a href=\"https:\/\/feguihand.com\/indexp.php\/ligue-1-feminine-les-resultats-de-la-2eme-journee-phase-retour\/\">Ligue 1 F\u00e9minine : Les r\u00e9sultats de la 2\u00e8me journ\u00e9e (phase retour)<\/a><\/h3>\n                        <div class=\"jeg_post_meta\">\n\t\t\t\t\t\n                    <div class=\"jeg_meta_date\"><i class=\"fa fa-clock-o\"><\/i> 1 septembre 2022<\/div>\n                <\/div>\n                    <\/div>\n                <\/article><article class=\"jeg_post post-1128 post type-post status-publish format-standard has-post-thumbnail hentry category-featured category-championnat-national category-les-competitions\">\n                    <div class=\"jeg_thumb\">\n                        \n                        <a href=\"https:\/\/feguihand.com\/indexp.php\/ligue-1-maf-systeme-securite-le-tpg-et-alu-star-se-partagent-les-points\/\"><div class=\"thumbnail-container animate-lazy  size-715 \"><img loading=\"lazy\" decoding=\"async\" width=\"350\" height=\"250\" src=\"https:\/\/feguihand.com\/wp-content\/themes\/FeguiHand\/assets\/img\/jeg-empty.png\" class=\"attachment-jnews-350x250 size-jnews-350x250 lazyload wp-post-image\" alt=\"Ligue 1 Maf Syst\u00e8me  S\u00e9curit\u00e9: le TPG et Alu Star se partagent les points\" data-src=\"https:\/\/feguihand.com\/wp-content\/uploads\/2020\/11\/IMG_2268-350x250.jpg\" data-sizes=\"auto\" data-srcset=\"https:\/\/feguihand.com\/wp-content\/uploads\/2020\/11\/IMG_2268-350x250.jpg 350w, https:\/\/feguihand.com\/wp-content\/uploads\/2020\/11\/IMG_2268-120x86.jpg 120w, https:\/\/feguihand.com\/wp-content\/uploads\/2020\/11\/IMG_2268-750x536.jpg 750w, https:\/\/feguihand.com\/wp-content\/uploads\/2020\/11\/IMG_2268-1140x815.jpg 1140w\" data-expand=\"700\" \/><\/div><\/a>\n                    <\/div>\n                    <div class=\"jeg_postblock_content\">\n                        <h3 class=\"jeg_post_title\"><a href=\"https:\/\/feguihand.com\/indexp.php\/ligue-1-maf-systeme-securite-le-tpg-et-alu-star-se-partagent-les-points\/\">Ligue 1 Maf Syst\u00e8me  S\u00e9curit\u00e9: le TPG et Alu Star se partagent les points<\/a><\/h3>\n                        <div class=\"jeg_post_meta\">\n\t\t\t\t\t\n                    <div class=\"jeg_meta_date\"><i class=\"fa fa-clock-o\"><\/i> 23 novembre 2020<\/div>\n                <\/div>\n                    <\/div>\n                <\/article>\n                    <\/div>\n                <\/div><div  class=\"jeg_postblock_14 jeg_postblock jeg_module_hook jeg_pagination_disable jeg_col_2o3 jnews_module__3_69ee564abe7d1   \" data-unique=\"jnews_module__3_69ee564abe7d1\">\n                <div class=\"jeg_block_heading jeg_block_heading_1 jeg_subcat_right\">\n                    <h3 class=\"jeg_block_title\"><span>Equipes Nationales<\/span><\/h3>\n                    <div class=\"jeg_subcat\">\n                    <ul class=\"jeg_subcat_list\">\n                        <li><a class=\"subclass-filter current\" href=\"#\" data-type='all' data-id='0'>GN<\/a><\/li><li><a class=\"subclass-filter\" href=\"https:\/\/feguihand.com\/indexp.php\/category\/equipe-nationale-cadette\/\" data-type='category' data-id='18'>Cadette<\/a><\/li><li><a class=\"subclass-filter\" href=\"https:\/\/feguihand.com\/indexp.php\/category\/equipe-nationale-junior\/\" data-type='category' data-id='17'>Junior<\/a><\/li><li><a class=\"subclass-filter\" href=\"https:\/\/feguihand.com\/indexp.php\/category\/equipe-nationale-senior\/\" data-type='category' data-id='16'>S\u00e9nior<\/a><\/li>\n                    <\/ul>\n                <\/div>\n                <\/div>\n                <div class=\"jeg_block_container\">\n                \n                <div class=\"jeg_posts_wrap\">\n                <div class=\"jeg_postbig\">\n                    <article class=\"jeg_post jeg_pl_lg_box post-3562 post type-post status-publish format-standard has-post-thumbnail hentry category-featured category-equipe-nationale-cadette category-h3\">\n                        <div class=\"box_wrap\">\n                            <div class=\"jeg_thumb\">\n                \n                <a href=\"https:\/\/feguihand.com\/indexp.php\/mondial-u19-la-guinee-termine-sur-une-bonne-note\/\"><div class=\"thumbnail-container animate-lazy  size-500 \"><img loading=\"lazy\" decoding=\"async\" width=\"750\" height=\"375\" src=\"https:\/\/feguihand.com\/wp-content\/themes\/FeguiHand\/assets\/img\/jeg-empty.png\" class=\"attachment-jnews-750x375 size-jnews-750x375 lazyload wp-post-image\" alt=\"Mondial U19 : La Guin\u00e9e termine sur une bonne note\" data-src=\"https:\/\/feguihand.com\/wp-content\/uploads\/2025\/08\/B312A164-D5A9-43C1-8D0A-8ABD929D22D5-750x375.jpeg\" data-sizes=\"auto\" data-srcset=\"https:\/\/feguihand.com\/wp-content\/uploads\/2025\/08\/B312A164-D5A9-43C1-8D0A-8ABD929D22D5-750x375.jpeg 750w, https:\/\/feguihand.com\/wp-content\/uploads\/2025\/08\/B312A164-D5A9-43C1-8D0A-8ABD929D22D5-360x180.jpeg 360w, https:\/\/feguihand.com\/wp-content\/uploads\/2025\/08\/B312A164-D5A9-43C1-8D0A-8ABD929D22D5-1140x570.jpeg 1140w\" data-expand=\"700\" \/><\/div><\/a>\n            <\/div>\n            <div class=\"jeg_postblock_content\">\n                <div class=\"jeg_post_category\">\n                    <span><a href=\"https:\/\/feguihand.com\/indexp.php\/category\/featured\/\" class=\"category-featured\">Actualit\u00e9<\/a><\/span>\n                <\/div>\n                <h3 class=\"jeg_post_title\">\n                    <a href=\"https:\/\/feguihand.com\/indexp.php\/mondial-u19-la-guinee-termine-sur-une-bonne-note\/\">Mondial U19 : La Guin\u00e9e termine sur une bonne note<\/a>\n                <\/h3>\n                <div class=\"jeg_post_meta\"><div class=\"jeg_meta_author\"><span class=\"by\">par<\/span> <a href=\"https:\/\/feguihand.com\/indexp.php\/author\/djibitoure743\/\">Cellule de Com<\/a><\/div><div class=\"jeg_meta_date\"><a href=\"https:\/\/feguihand.com\/indexp.php\/mondial-u19-la-guinee-termine-sur-une-bonne-note\/\"><i class=\"fa fa-clock-o\"><\/i> 15 ao\u00fbt 2025<\/a><\/div><\/div>\n            <\/div>\n                        <\/div>\n                    <\/article>\n                <\/div>\n                <div class=\"jeg_posts jeg_load_more_flag\">\n                    <article class=\"jeg_post jeg_pl_md_1 post-3339 post type-post status-publish format-standard has-post-thumbnail hentry category-featured category-h3\">\n                <div class=\"jeg_thumb\">\n                    \n                    <a href=\"https:\/\/feguihand.com\/indexp.php\/la-guinee-avant-ses-debuts-historiques-au-championnat-du-monde-masculin-de-handball\/\"><div class=\"thumbnail-container animate-lazy  size-500 \"><img loading=\"lazy\" decoding=\"async\" width=\"360\" height=\"180\" src=\"https:\/\/feguihand.com\/wp-content\/themes\/FeguiHand\/assets\/img\/jeg-empty.png\" class=\"attachment-jnews-360x180 size-jnews-360x180 lazyload wp-post-image\" alt=\"La Guin\u00e9e avant ses d\u00e9buts historiques au Championnat du Monde Masculin de Handball\" data-src=\"https:\/\/feguihand.com\/wp-content\/uploads\/2024\/12\/IMG_8776-360x180.jpeg\" data-sizes=\"auto\" data-srcset=\"https:\/\/feguihand.com\/wp-content\/uploads\/2024\/12\/IMG_8776-360x180.jpeg 360w, https:\/\/feguihand.com\/wp-content\/uploads\/2024\/12\/IMG_8776-750x375.jpeg 750w\" data-expand=\"700\" \/><\/div><\/a>\n                    <div class=\"jeg_post_category\">\n                        <span><a href=\"https:\/\/feguihand.com\/indexp.php\/category\/featured\/\" class=\"category-featured\">Actualit\u00e9<\/a><\/span>\n                    <\/div>\n                <\/div>\n                <div class=\"jeg_postblock_content\">\n                    <h3 class=\"jeg_post_title\">\n                        <a href=\"https:\/\/feguihand.com\/indexp.php\/la-guinee-avant-ses-debuts-historiques-au-championnat-du-monde-masculin-de-handball\/\">La Guin\u00e9e avant ses d\u00e9buts historiques au Championnat du Monde Masculin de Handball<\/a>\n                    <\/h3>\n                    <div class=\"jeg_post_meta\"><div class=\"jeg_meta_author\"><span class=\"by\">par<\/span> <a href=\"https:\/\/feguihand.com\/indexp.php\/author\/djibitoure743\/\">Cellule de Com<\/a><\/div><div class=\"jeg_meta_date\"><a href=\"https:\/\/feguihand.com\/indexp.php\/la-guinee-avant-ses-debuts-historiques-au-championnat-du-monde-masculin-de-handball\/\"><i class=\"fa fa-clock-o\"><\/i> 13 d\u00e9cembre 2024<\/a><\/div><\/div>\n                <\/div>\n            <\/article><article class=\"jeg_post jeg_pl_md_1 post-3093 post type-post status-publish format-standard has-post-thumbnail hentry category-featured category-h3\">\n                <div class=\"jeg_thumb\">\n                    \n                    <a href=\"https:\/\/feguihand.com\/indexp.php\/can-juniors-2024-la-guinee-logee-dans-le-groupe-a\/\"><div class=\"thumbnail-container animate-lazy  size-500 \"><img loading=\"lazy\" decoding=\"async\" width=\"360\" height=\"180\" src=\"https:\/\/feguihand.com\/wp-content\/themes\/FeguiHand\/assets\/img\/jeg-empty.png\" class=\"attachment-jnews-360x180 size-jnews-360x180 lazyload wp-post-image\" alt=\"CAN Juniors 2024 : La Guin\u00e9e log\u00e9e dans le groupe A\" data-src=\"https:\/\/feguihand.com\/wp-content\/uploads\/2024\/08\/4877a939-5ffa-40ec-a256-be47b86a9f2e-360x180.jpeg\" data-sizes=\"auto\" data-srcset=\"https:\/\/feguihand.com\/wp-content\/uploads\/2024\/08\/4877a939-5ffa-40ec-a256-be47b86a9f2e-360x180.jpeg 360w, https:\/\/feguihand.com\/wp-content\/uploads\/2024\/08\/4877a939-5ffa-40ec-a256-be47b86a9f2e-750x375.jpeg 750w, https:\/\/feguihand.com\/wp-content\/uploads\/2024\/08\/4877a939-5ffa-40ec-a256-be47b86a9f2e-1140x570.jpeg 1140w\" data-expand=\"700\" \/><\/div><\/a>\n                    <div class=\"jeg_post_category\">\n                        <span><a href=\"https:\/\/feguihand.com\/indexp.php\/category\/featured\/\" class=\"category-featured\">Actualit\u00e9<\/a><\/span>\n                    <\/div>\n                <\/div>\n                <div class=\"jeg_postblock_content\">\n                    <h3 class=\"jeg_post_title\">\n                        <a href=\"https:\/\/feguihand.com\/indexp.php\/can-juniors-2024-la-guinee-logee-dans-le-groupe-a\/\">CAN Juniors 2024 : La Guin\u00e9e log\u00e9e dans le groupe A<\/a>\n                    <\/h3>\n                    <div class=\"jeg_post_meta\"><div class=\"jeg_meta_author\"><span class=\"by\">par<\/span> <a href=\"https:\/\/feguihand.com\/indexp.php\/author\/djibitoure743\/\">Cellule de Com<\/a><\/div><div class=\"jeg_meta_date\"><a href=\"https:\/\/feguihand.com\/indexp.php\/can-juniors-2024-la-guinee-logee-dans-le-groupe-a\/\"><i class=\"fa fa-clock-o\"><\/i> 20 ao\u00fbt 2024<\/a><\/div><\/div>\n                <\/div>\n            <\/article>\n                <\/div>\n            <\/div>\n                <div class='module-overlay'>\n                <div class='preloader_type preloader_dot'>\n                    <div class=\"module-preloader jeg_preloader dot\">\n                        <span><\/span><span><\/span><span><\/span>\n                    <\/div>\n                    <div class=\"module-preloader jeg_preloader circle\">\n                        <div class=\"jnews_preloader_circle_outer\">\n                            <div class=\"jnews_preloader_circle_inner\"><\/div>\n                        <\/div>\n                    <\/div>\n                    <div class=\"module-preloader jeg_preloader square\">\n                        <div class=\"jeg_square\"><div class=\"jeg_square_inner\"><\/div><\/div>\n                    <\/div>\n                <\/div>\n            <\/div>\n            <\/div>\n            <div class=\"jeg_block_navigation\">\n                <div class='navigation_overlay'><div class='module-preloader jeg_preloader'><span><\/span><span><\/span><span><\/span><\/div><\/div>\n                \n                \n            <\/div>\n                \n                <script>var jnews_module__3_69ee564abe7d1 = {\"header_icon\":\"\",\"first_title\":\"Equipes Nationales\",\"second_title\":\"\",\"url\":\"\",\"header_type\":\"heading_1\",\"header_background\":\"\",\"header_secondary_background\":\"\",\"header_text_color\":\"\",\"header_line_color\":\"\",\"header_accent_color\":\"\",\"header_filter_category\":\"18,17,16\",\"header_filter_author\":\"\",\"header_filter_tag\":\"\",\"header_filter_text\":\"GN\",\"post_type\":\"post\",\"content_type\":\"all\",\"number_post\":\"3\",\"post_offset\":\"0\",\"unique_content\":\"unique1\",\"include_post\":\"\",\"exclude_post\":\"3696,3686,3684,3674,3671,3667\",\"include_category\":\"24,25,27\",\"exclude_category\":\"\",\"include_author\":\"\",\"include_tag\":\"\",\"exclude_tag\":\"\",\"sort_by\":\"latest\",\"date_format\":\"default\",\"date_format_custom\":\"Y\\\/m\\\/d\",\"pagination_mode\":\"disable\",\"pagination_nextprev_showtext\":\"\",\"pagination_number_post\":4,\"pagination_scroll_limit\":0,\"boxed\":\"\",\"boxed_shadow\":\"\",\"el_id\":\"\",\"el_class\":\"\",\"scheme\":\"\",\"column_width\":\"auto\",\"title_color\":\"\",\"accent_color\":\"\",\"alt_color\":\"\",\"excerpt_color\":\"\",\"css\":\"\",\"compatible_column_notice\":\"\",\"paged\":1,\"column_class\":\"jeg_col_2o3\",\"class\":\"jnews_block_14\"};<\/script>\n            <\/div>[\/vc_column][vc_column width=\u00a0\u00bb1\/3&Prime; sticky_sidebar=\u00a0\u00bbyes\u00a0\u00bb set_as_sidebar=\u00a0\u00bbyes\u00a0\u00bb][vc_widget_sidebar sidebar_id=\u00a0\u00bbhome\u00a0\u00bb]<div  class='jeg_ad jeg_ad_module jnews_module__4_69ee564ac6480   '><div class='ads-wrapper'><a href='' target='_self' class='adlink ads_image '><img src='https:\/\/feguihand.com\/wp-content\/uploads\/2020\/05\/Handball2-02.png' alt='' data-pin-no-hover=\"true\"><\/a><a href='' target='_self' class='adlink ads_image_tablet '><img src='https:\/\/feguihand.com\/wp-content\/uploads\/2020\/05\/Handball2-02.png' alt='' data-pin-no-hover=\"true\"><\/a><a href='' target='_self' class='adlink ads_image_phone '><img src='https:\/\/feguihand.com\/wp-content\/uploads\/2020\/05\/Handball2-02.png' alt='' data-pin-no-hover=\"true\"><\/a><\/div><\/div>[vc_tweetmeme type=\u00a0\u00bbfollow\u00a0\u00bb follow_user=\u00a0\u00bbaly1cent\u00a0\u00bb][vc_separator][vc_facebook][\/vc_column][\/vc_row][vc_row][vc_column]<div  class='jeg_ad jeg_ad_module jnews_module__5_69ee564ac6cdc   '><div class='ads-wrapper'><a href='#' target='_self' class='adlink ads_image '><img src='https:\/\/feguihand.com\/wp-content\/uploads\/2020\/04\/ad_970x90.png' alt='' data-pin-no-hover=\"true\"><\/a><\/div><\/div><div  class=\"jeg_postblock_15 jeg_postblock jeg_module_hook jeg_pagination_disable jeg_col_2o3 jnews_module__6_69ee564ac7ae3   \" data-unique=\"jnews_module__6_69ee564ac7ae3\">\n                <div class=\"jeg_block_heading jeg_block_heading_3 jeg_subcat_right\">\n                    <h3 class=\"jeg_block_title\"><span>Comp\u00e9titions<\/span><\/h3>\n                    <div class=\"jeg_subcat\">\n                    <ul class=\"jeg_subcat_list\">\n                        <li><a class=\"subclass-filter current\" href=\"#\" data-type='all' data-id='0'>A savoir sur<\/a><\/li><li><a class=\"subclass-filter\" href=\"https:\/\/feguihand.com\/indexp.php\/category\/les-competitions\/championnat-national\/\" data-type='category' data-id='9'>Championnat National<\/a><\/li><li><a class=\"subclass-filter\" href=\"https:\/\/feguihand.com\/indexp.php\/category\/les-competitions\/cn2\/\" data-type='category' data-id='7'>Coupes Nationales<\/a><\/li>\n                    <\/ul>\n                <\/div>\n                <\/div>\n                <div class=\"jeg_block_container\">\n                \n                <div class=\"jeg_posts_wrap\">\n                <div class=\"jeg_posts jeg_load_more_flag\">\n                    <article class=\"jeg_post jeg_pl_md_box post-3696 post type-post status-publish format-standard has-post-thumbnail hentry category-featured\">\n                <div class=\"box_wrap\">\n                    <div class=\"jeg_thumb\">\n                        \n                        <a href=\"https:\/\/feguihand.com\/indexp.php\/message-de-voeux-danniversaire-au-president-mansourou-aremou\/\"><div class=\"thumbnail-container animate-lazy  size-715 \"><img loading=\"lazy\" decoding=\"async\" width=\"350\" height=\"250\" src=\"https:\/\/feguihand.com\/wp-content\/themes\/FeguiHand\/assets\/img\/jeg-empty.png\" class=\"attachment-jnews-350x250 size-jnews-350x250 lazyload wp-post-image\" alt=\"Message de v\u0153ux d\u2019anniversaire au Pr\u00e9sident Mansourou Aremou\" data-src=\"https:\/\/feguihand.com\/wp-content\/uploads\/2026\/04\/IMG_2297-350x250.jpeg\" data-sizes=\"auto\" data-srcset=\"https:\/\/feguihand.com\/wp-content\/uploads\/2026\/04\/IMG_2297-350x250.jpeg 350w, https:\/\/feguihand.com\/wp-content\/uploads\/2026\/04\/IMG_2297-120x86.jpeg 120w, https:\/\/feguihand.com\/wp-content\/uploads\/2026\/04\/IMG_2297-750x536.jpeg 750w, https:\/\/feguihand.com\/wp-content\/uploads\/2026\/04\/IMG_2297-1140x815.jpeg 1140w\" data-expand=\"700\" \/><\/div><\/a>\n                        <div class=\"jeg_post_category\">\n                            <span><a href=\"https:\/\/feguihand.com\/indexp.php\/category\/featured\/\" class=\"category-featured\">Actualit\u00e9<\/a><\/span>\n                        <\/div>\n                    <\/div>\n                    <div class=\"jeg_postblock_content\">\n                        <h3 class=\"jeg_post_title\">\n                            <a href=\"https:\/\/feguihand.com\/indexp.php\/message-de-voeux-danniversaire-au-president-mansourou-aremou\/\">Message de v\u0153ux d\u2019anniversaire au Pr\u00e9sident Mansourou Aremou<\/a>\n                        <\/h3>\n                        <div class=\"jeg_post_meta\"><div class=\"jeg_meta_date\"><a href=\"https:\/\/feguihand.com\/indexp.php\/message-de-voeux-danniversaire-au-president-mansourou-aremou\/\" ><i class=\"fa fa-clock-o\"><\/i> 16 avril 2026<\/a><\/div><\/div>\n                    <\/div>\n                <\/div>\n            <\/article><article class=\"jeg_post jeg_pl_md_box post-3686 post type-post status-publish format-standard has-post-thumbnail hentry category-featured\">\n                <div class=\"box_wrap\">\n                    <div class=\"jeg_thumb\">\n                        \n                        <a href=\"https:\/\/feguihand.com\/indexp.php\/la-cahb-salue-le-double-historique-de-la-guinee-au-sommet-du-monde\/\"><div class=\"thumbnail-container animate-lazy  size-715 \"><img loading=\"lazy\" decoding=\"async\" width=\"350\" height=\"250\" src=\"https:\/\/feguihand.com\/wp-content\/themes\/FeguiHand\/assets\/img\/jeg-empty.png\" class=\"attachment-jnews-350x250 size-jnews-350x250 lazyload wp-post-image\" alt=\"La CAHB salue le doubl\u00e9 historique de la Guin\u00e9e au sommet du monde\" data-src=\"https:\/\/feguihand.com\/wp-content\/uploads\/2026\/04\/IMG_2110-350x250.jpeg\" data-sizes=\"auto\" data-srcset=\"https:\/\/feguihand.com\/wp-content\/uploads\/2026\/04\/IMG_2110-350x250.jpeg 350w, https:\/\/feguihand.com\/wp-content\/uploads\/2026\/04\/IMG_2110-120x86.jpeg 120w, https:\/\/feguihand.com\/wp-content\/uploads\/2026\/04\/IMG_2110-750x536.jpeg 750w\" data-expand=\"700\" \/><\/div><\/a>\n                        <div class=\"jeg_post_category\">\n                            <span><a href=\"https:\/\/feguihand.com\/indexp.php\/category\/featured\/\" class=\"category-featured\">Actualit\u00e9<\/a><\/span>\n                        <\/div>\n                    <\/div>\n                    <div class=\"jeg_postblock_content\">\n                        <h3 class=\"jeg_post_title\">\n                            <a href=\"https:\/\/feguihand.com\/indexp.php\/la-cahb-salue-le-double-historique-de-la-guinee-au-sommet-du-monde\/\">La CAHB salue le doubl\u00e9 historique de la Guin\u00e9e au sommet du monde<\/a>\n                        <\/h3>\n                        <div class=\"jeg_post_meta\"><div class=\"jeg_meta_date\"><a href=\"https:\/\/feguihand.com\/indexp.php\/la-cahb-salue-le-double-historique-de-la-guinee-au-sommet-du-monde\/\" ><i class=\"fa fa-clock-o\"><\/i> 13 avril 2026<\/a><\/div><\/div>\n                    <\/div>\n                <\/div>\n            <\/article><article class=\"jeg_post jeg_pl_md_box post-3684 post type-post status-publish format-standard has-post-thumbnail hentry category-featured\">\n                <div class=\"box_wrap\">\n                    <div class=\"jeg_thumb\">\n                        \n                        <a href=\"https:\/\/feguihand.com\/indexp.php\/ihf-trophy-la-guinee-sur-le-toit-du-monde-avec-un-double-historique\/\"><div class=\"thumbnail-container animate-lazy  size-715 \"><img loading=\"lazy\" decoding=\"async\" width=\"350\" height=\"250\" src=\"https:\/\/feguihand.com\/wp-content\/themes\/FeguiHand\/assets\/img\/jeg-empty.png\" class=\"attachment-jnews-350x250 size-jnews-350x250 lazyload wp-post-image\" alt=\"IHF Trophy : La Guin\u00e9e sur le toit du monde avec un doubl\u00e9 historique\" data-src=\"https:\/\/feguihand.com\/wp-content\/uploads\/2026\/04\/IMG_1966-350x250.jpeg\" data-sizes=\"auto\" data-srcset=\"https:\/\/feguihand.com\/wp-content\/uploads\/2026\/04\/IMG_1966-350x250.jpeg 350w, https:\/\/feguihand.com\/wp-content\/uploads\/2026\/04\/IMG_1966-120x86.jpeg 120w, https:\/\/feguihand.com\/wp-content\/uploads\/2026\/04\/IMG_1966-750x536.jpeg 750w, https:\/\/feguihand.com\/wp-content\/uploads\/2026\/04\/IMG_1966-1140x815.jpeg 1140w\" data-expand=\"700\" \/><\/div><\/a>\n                        <div class=\"jeg_post_category\">\n                            <span><a href=\"https:\/\/feguihand.com\/indexp.php\/category\/featured\/\" class=\"category-featured\">Actualit\u00e9<\/a><\/span>\n                        <\/div>\n                    <\/div>\n                    <div class=\"jeg_postblock_content\">\n                        <h3 class=\"jeg_post_title\">\n                            <a href=\"https:\/\/feguihand.com\/indexp.php\/ihf-trophy-la-guinee-sur-le-toit-du-monde-avec-un-double-historique\/\">IHF Trophy : La Guin\u00e9e sur le toit du monde avec un doubl\u00e9 historique<\/a>\n                        <\/h3>\n                        <div class=\"jeg_post_meta\"><div class=\"jeg_meta_date\"><a href=\"https:\/\/feguihand.com\/indexp.php\/ihf-trophy-la-guinee-sur-le-toit-du-monde-avec-un-double-historique\/\" ><i class=\"fa fa-clock-o\"><\/i> 11 avril 2026<\/a><\/div><\/div>\n                    <\/div>\n                <\/div>\n            <\/article><article class=\"jeg_post jeg_pl_md_box post-3674 post type-post status-publish format-standard has-post-thumbnail hentry category-featured category-d1 category-equipe-nationale-senior\">\n                <div class=\"box_wrap\">\n                    <div class=\"jeg_thumb\">\n                        \n                        <a href=\"https:\/\/feguihand.com\/indexp.php\/lequipe-feminine-a-en-stage-de-preparation-pour-la-can-2026\/\"><div class=\"thumbnail-container animate-lazy  size-715 \"><img loading=\"lazy\" decoding=\"async\" width=\"350\" height=\"250\" src=\"https:\/\/feguihand.com\/wp-content\/themes\/FeguiHand\/assets\/img\/jeg-empty.png\" class=\"attachment-jnews-350x250 size-jnews-350x250 lazyload wp-post-image\" alt=\"L\u2019\u00e9quipe f\u00e9minine A en stage de pr\u00e9paration pour la CAN 2026\" data-src=\"https:\/\/feguihand.com\/wp-content\/uploads\/2026\/04\/IMG_1776-350x250.jpeg\" data-sizes=\"auto\" data-srcset=\"https:\/\/feguihand.com\/wp-content\/uploads\/2026\/04\/IMG_1776-350x250.jpeg 350w, https:\/\/feguihand.com\/wp-content\/uploads\/2026\/04\/IMG_1776-120x86.jpeg 120w, https:\/\/feguihand.com\/wp-content\/uploads\/2026\/04\/IMG_1776-750x536.jpeg 750w, https:\/\/feguihand.com\/wp-content\/uploads\/2026\/04\/IMG_1776-1140x815.jpeg 1140w\" data-expand=\"700\" \/><\/div><\/a>\n                        <div class=\"jeg_post_category\">\n                            <span><a href=\"https:\/\/feguihand.com\/indexp.php\/category\/featured\/\" class=\"category-featured\">Actualit\u00e9<\/a><\/span>\n                        <\/div>\n                    <\/div>\n                    <div class=\"jeg_postblock_content\">\n                        <h3 class=\"jeg_post_title\">\n                            <a href=\"https:\/\/feguihand.com\/indexp.php\/lequipe-feminine-a-en-stage-de-preparation-pour-la-can-2026\/\">L\u2019\u00e9quipe f\u00e9minine A en stage de pr\u00e9paration pour la CAN 2026<\/a>\n                        <\/h3>\n                        <div class=\"jeg_post_meta\"><div class=\"jeg_meta_date\"><a href=\"https:\/\/feguihand.com\/indexp.php\/lequipe-feminine-a-en-stage-de-preparation-pour-la-can-2026\/\" ><i class=\"fa fa-clock-o\"><\/i> 9 avril 2026<\/a><\/div><\/div>\n                    <\/div>\n                <\/div>\n            <\/article><article class=\"jeg_post jeg_pl_md_box post-3671 post type-post status-publish format-standard has-post-thumbnail hentry category-featured\">\n                <div class=\"box_wrap\">\n                    <div class=\"jeg_thumb\">\n                        \n                        <a href=\"https:\/\/feguihand.com\/indexp.php\/ihf-trophy-apres-lexploit-des-cadettes-les-juniors-simposent-face-a-louzbekistan\/\"><div class=\"thumbnail-container animate-lazy  size-715 \"><img loading=\"lazy\" decoding=\"async\" width=\"350\" height=\"250\" src=\"https:\/\/feguihand.com\/wp-content\/themes\/FeguiHand\/assets\/img\/jeg-empty.png\" class=\"attachment-jnews-350x250 size-jnews-350x250 lazyload wp-post-image\" alt=\"IHF Trophy : apr\u00e8s l\u2019exploit des cadettes, les juniors s&rsquo;imposent face \u00e0 l&rsquo;Ouzb\u00e9kistan\" data-src=\"https:\/\/feguihand.com\/wp-content\/uploads\/2026\/04\/IMG_1689-350x250.jpeg\" data-sizes=\"auto\" data-srcset=\"https:\/\/feguihand.com\/wp-content\/uploads\/2026\/04\/IMG_1689-350x250.jpeg 350w, https:\/\/feguihand.com\/wp-content\/uploads\/2026\/04\/IMG_1689-120x86.jpeg 120w, https:\/\/feguihand.com\/wp-content\/uploads\/2026\/04\/IMG_1689-750x536.jpeg 750w, https:\/\/feguihand.com\/wp-content\/uploads\/2026\/04\/IMG_1689-1140x815.jpeg 1140w\" data-expand=\"700\" \/><\/div><\/a>\n                        <div class=\"jeg_post_category\">\n                            <span><a href=\"https:\/\/feguihand.com\/indexp.php\/category\/featured\/\" class=\"category-featured\">Actualit\u00e9<\/a><\/span>\n                        <\/div>\n                    <\/div>\n                    <div class=\"jeg_postblock_content\">\n                        <h3 class=\"jeg_post_title\">\n                            <a href=\"https:\/\/feguihand.com\/indexp.php\/ihf-trophy-apres-lexploit-des-cadettes-les-juniors-simposent-face-a-louzbekistan\/\">IHF Trophy : apr\u00e8s l\u2019exploit des cadettes, les juniors s&rsquo;imposent face \u00e0 l&rsquo;Ouzb\u00e9kistan<\/a>\n                        <\/h3>\n                        <div class=\"jeg_post_meta\"><div class=\"jeg_meta_date\"><a href=\"https:\/\/feguihand.com\/indexp.php\/ihf-trophy-apres-lexploit-des-cadettes-les-juniors-simposent-face-a-louzbekistan\/\" ><i class=\"fa fa-clock-o\"><\/i> 8 avril 2026<\/a><\/div><\/div>\n                    <\/div>\n                <\/div>\n            <\/article><article class=\"jeg_post jeg_pl_md_box post-3667 post type-post status-publish format-standard has-post-thumbnail hentry category-featured\">\n                <div class=\"box_wrap\">\n                    <div class=\"jeg_thumb\">\n                        \n                        <a href=\"https:\/\/feguihand.com\/indexp.php\/le-syli-handball-cadettes-et-juniors-en-route-pour-les-visas-avant-lihf-trophy\/\"><div class=\"thumbnail-container animate-lazy  size-715 \"><img loading=\"lazy\" decoding=\"async\" width=\"350\" height=\"250\" src=\"https:\/\/feguihand.com\/wp-content\/themes\/FeguiHand\/assets\/img\/jeg-empty.png\" class=\"attachment-jnews-350x250 size-jnews-350x250 lazyload wp-post-image\" alt=\"le Syli Handball cadettes et juniors en route pour les visas avant l\u2019IHF Trophy\" data-src=\"https:\/\/feguihand.com\/wp-content\/uploads\/2026\/03\/IMG_0335-350x250.jpeg\" data-sizes=\"auto\" data-srcset=\"https:\/\/feguihand.com\/wp-content\/uploads\/2026\/03\/IMG_0335-350x250.jpeg 350w, https:\/\/feguihand.com\/wp-content\/uploads\/2026\/03\/IMG_0335-120x86.jpeg 120w, https:\/\/feguihand.com\/wp-content\/uploads\/2026\/03\/IMG_0335-750x536.jpeg 750w, https:\/\/feguihand.com\/wp-content\/uploads\/2026\/03\/IMG_0335-1140x815.jpeg 1140w\" data-expand=\"700\" \/><\/div><\/a>\n                        <div class=\"jeg_post_category\">\n                            <span><a href=\"https:\/\/feguihand.com\/indexp.php\/category\/featured\/\" class=\"category-featured\">Actualit\u00e9<\/a><\/span>\n                        <\/div>\n                    <\/div>\n                    <div class=\"jeg_postblock_content\">\n                        <h3 class=\"jeg_post_title\">\n                            <a href=\"https:\/\/feguihand.com\/indexp.php\/le-syli-handball-cadettes-et-juniors-en-route-pour-les-visas-avant-lihf-trophy\/\">le Syli Handball cadettes et juniors en route pour les visas avant l\u2019IHF Trophy<\/a>\n                        <\/h3>\n                        <div class=\"jeg_post_meta\"><div class=\"jeg_meta_date\"><a href=\"https:\/\/feguihand.com\/indexp.php\/le-syli-handball-cadettes-et-juniors-en-route-pour-les-visas-avant-lihf-trophy\/\" ><i class=\"fa fa-clock-o\"><\/i> 8 mars 2026<\/a><\/div><\/div>\n                    <\/div>\n                <\/div>\n            <\/article>\n                <\/div>\n            <\/div>\n                <div class='module-overlay'>\n                <div class='preloader_type preloader_dot'>\n                    <div class=\"module-preloader jeg_preloader dot\">\n                        <span><\/span><span><\/span><span><\/span>\n                    <\/div>\n                    <div class=\"module-preloader jeg_preloader circle\">\n                        <div class=\"jnews_preloader_circle_outer\">\n                            <div class=\"jnews_preloader_circle_inner\"><\/div>\n                        <\/div>\n                    <\/div>\n                    <div class=\"module-preloader jeg_preloader square\">\n                        <div class=\"jeg_square\"><div class=\"jeg_square_inner\"><\/div><\/div>\n                    <\/div>\n                <\/div>\n            <\/div>\n            <\/div>\n            <div class=\"jeg_block_navigation\">\n                <div class='navigation_overlay'><div class='module-preloader jeg_preloader'><span><\/span><span><\/span><span><\/span><\/div><\/div>\n                \n                \n            <\/div>\n                \n                <script>var jnews_module__6_69ee564ac7ae3 = {\"header_icon\":\"\",\"first_title\":\"Comp\\u00e9titions\",\"second_title\":\"\",\"url\":\"\",\"header_type\":\"heading_3\",\"header_background\":\"\",\"header_secondary_background\":\"\",\"header_text_color\":\"\",\"header_line_color\":\"\",\"header_accent_color\":\"\",\"header_filter_category\":\"9,7\",\"header_filter_author\":\"\",\"header_filter_tag\":\"\",\"header_filter_text\":\"A savoir sur\",\"post_type\":\"post\",\"content_type\":\"all\",\"number_post\":\"6\",\"post_offset\":\"0\",\"unique_content\":\"disable\",\"include_post\":\"\",\"exclude_post\":\"\",\"include_category\":\"\",\"exclude_category\":\"\",\"include_author\":\"\",\"include_tag\":\"\",\"exclude_tag\":\"\",\"sort_by\":\"latest\",\"date_format\":\"default\",\"date_format_custom\":\"Y\\\/m\\\/d\",\"pagination_mode\":\"disable\",\"pagination_nextprev_showtext\":\"\",\"pagination_number_post\":4,\"pagination_scroll_limit\":0,\"el_id\":\"\",\"el_class\":\"\",\"scheme\":\"\",\"column_width\":\"auto\",\"title_color\":\"\",\"accent_color\":\"\",\"alt_color\":\"\",\"excerpt_color\":\"\",\"css\":\"\",\"compatible_column_notice\":\"\",\"paged\":1,\"column_class\":\"jeg_col_2o3\",\"class\":\"jnews_block_15\"};<\/script>\n            <\/div>[\/vc_column][\/vc_row][vc_row full_width=\u00a0\u00bbstretch_row\u00a0\u00bb vc_row_background=\u00a0\u00bb\u00a0\u00bb background_size=\u00a0\u00bbinitial\u00a0\u00bb css=\u00a0\u00bb.vc_custom_1588239486355{margin-top: 20px !important;margin-bottom: 40px !important;margin-left: 0px !important;padding-top: 100px !important;padding-bottom: 70px !important;background: #050505 url(https:\/\/feguihand.com\/wp-content\/uploads\/2020\/04\/68576962_2174258409367218_2699128568893407232_n.jpg?id=209) !important;background-position: center !important;background-repeat: no-repeat !important;background-size: cover !important;}\u00a0\u00bb][vc_column width=\u00a0\u00bb1\/2&Prime;][\/vc_column][vc_column width=\u00a0\u00bb1\/2&Prime;][vc_cta h2=\u00a0\u00bbMondial U17&Prime; h4=\u00a0\u00bbLa Guin\u00e9e s&rsquo;appr\u00eate pour le Challenge Troph\u00e9e IHF Du 23 au 30 mars 2020 \u00e0 Cali en Colombie\u00a0\u00bb h4_font_container=\u00a0\u00bbcolor:%23ffffff\u00a0\u00bb style=\u00a0\u00bbflat\u00a0\u00bb color=\u00a0\u00bbwhite\u00a0\u00bb el_width=\u00a0\u00bbmd\u00a0\u00bb add_button=\u00a0\u00bbbottom\u00a0\u00bb btn_title=\u00a0\u00bbSUPPORTEZ TEAM GN\u00a0\u00bb btn_style=\u00a0\u00bb3d\u00a0\u00bb btn_shape=\u00a0\u00bbsquare\u00a0\u00bb btn_color=\u00a0\u00bbgreen\u00a0\u00bb btn_align=\u00a0\u00bbcenter\u00a0\u00bb use_custom_fonts_h4=\u00a0\u00bbtrue\u00a0\u00bb css=\u00a0\u00bb.vc_custom_1588241849058{background-color: rgba(255,255,255,0.01) !important;*background-color: rgb(255,255,255) !important;}\u00a0\u00bb][\/vc_cta][\/vc_column][\/vc_row][vc_row][vc_column width=\u00a0\u00bb2\/3&Prime;][\/vc_column][vc_column width=\u00a0\u00bb1\/3&Prime;][vc_gallery type=\u00a0\u00bbflexslider_slide\u00a0\u00bb interval=\u00a0\u00bb3&Prime; images=\u00a0\u00bb474,151,152,487,488&Prime; onclick=\u00a0\u00bb\u00a0\u00bb][vc_empty_space height=\u00a0\u00bb12px\u00a0\u00bb][\/vc_column][\/vc_row][vc_section][vc_row][vc_column][vc_custom_heading text=\u00a0\u00bbNOS PARTENAIRES\u00a0\u00bb font_container=\u00a0\u00bbtag:h1|text_align:center|color:%23ffffff\u00a0\u00bb css_animation=\u00a0\u00bbbounceInDown\u00a0\u00bb css=\u00a0\u00bb.vc_custom_1588550445040{background-color: #1e73be !important;}\u00a0\u00bb][\/vc_column][\/vc_row][vc_row parallax=\u00a0\u00bbcontent-moving\u00a0\u00bb vc_row_background=\u00a0\u00bb\u00a0\u00bb][vc_column width=\u00a0\u00bb1\/5&Prime;][vc_single_image image=\u00a0\u00bb152&Prime; img_size=\u00a0\u00bb300&#215;300&Prime; alignment=\u00a0\u00bbcenter\u00a0\u00bb style=\u00a0\u00bbvc_box_shadow\u00a0\u00bb][\/vc_column][vc_column width=\u00a0\u00bb1\/5&Prime;][vc_single_image image=\u00a0\u00bb151&Prime; img_size=\u00a0\u00bb300&#215;300&Prime; alignment=\u00a0\u00bbcenter\u00a0\u00bb style=\u00a0\u00bbvc_box_shadow\u00a0\u00bb][\/vc_column][vc_column width=\u00a0\u00bb1\/5&Prime;][vc_single_image image=\u00a0\u00bb388&Prime; img_size=\u00a0\u00bb300&#215;300&Prime; alignment=\u00a0\u00bbcenter\u00a0\u00bb style=\u00a0\u00bbvc_box_shadow\u00a0\u00bb][\/vc_column][vc_column width=\u00a0\u00bb1\/5&Prime;][vc_single_image image=\u00a0\u00bb487&Prime; img_size=\u00a0\u00bb300&#215;300&Prime; alignment=\u00a0\u00bbcenter\u00a0\u00bb style=\u00a0\u00bbvc_box_shadow\u00a0\u00bb][\/vc_column][vc_column width=\u00a0\u00bb1\/5&Prime;][vc_single_image image=\u00a0\u00bb491&Prime; img_size=\u00a0\u00bb300&#215;300&Prime; alignment=\u00a0\u00bbcenter\u00a0\u00bb style=\u00a0\u00bbvc_box_shadow\u00a0\u00bb][\/vc_column][\/vc_row][\/vc_section]<\/p>\n<\/div>","protected":false},"excerpt":{"rendered":"<p>[vc_row][vc_column][\/vc_column][\/vc_row][vc_row vc_row_background=\u00a0\u00bb\u00a0\u00bb][vc_column width=\u00a0\u00bb2\/3&Prime;][\/vc_column][vc_column width=\u00a0\u00bb1\/3&Prime; sticky_sidebar=\u00a0\u00bbyes\u00a0\u00bb set_as_sidebar=\u00a0\u00bbyes\u00a0\u00bb][vc_widget_sidebar sidebar_id=\u00a0\u00bbhome\u00a0\u00bb][vc_tweetmeme type=\u00a0\u00bbfollow\u00a0\u00bb follow_user=\u00a0\u00bbaly1cent\u00a0\u00bb][vc_separator][vc_facebook][\/vc_column][\/vc_row][vc_row][vc_column][\/vc_column][\/vc_row][vc_row full_width=\u00a0\u00bbstretch_row\u00a0\u00bb vc_row_background=\u00a0\u00bb\u00a0\u00bb background_size=\u00a0\u00bbinitial\u00a0\u00bb css=\u00a0\u00bb.vc_custom_1588239486355{margin-top: 20px !important;margin-bottom: 40px !important;margin-left: 0px !important;padding-top: 100px !important;padding-bottom: 70px !important;background: #050505 url(https:\/\/feguihand.com\/wp-content\/uploads\/2020\/04\/68576962_2174258409367218_2699128568893407232_n.jpg?id=209) !important;background-position: center !important;background-repeat: no-repeat !important;background-size: cover !important;}\u00a0\u00bb][vc_column width=\u00a0\u00bb1\/2&Prime;][\/vc_column][vc_column width=\u00a0\u00bb1\/2&Prime;][vc_cta h2=\u00a0\u00bbMondial U17&Prime; h4=\u00a0\u00bbLa Guin\u00e9e s&rsquo;appr\u00eate pour le Challenge Troph\u00e9e IHF Du 23 au 30 mars 2020 \u00e0 Cali en Colombie\u00a0\u00bb h4_font_container=\u00a0\u00bbcolor:%23ffffff\u00a0\u00bb [&hellip;]<\/p>\n","protected":false},"author":2,"featured_media":0,"parent":0,"menu_order":0,"comment_status":"closed","ping_status":"closed","template":"template-builder.php","meta":{"amp_status":"","footnotes":""},"class_list":["post-348","page","type-page","status-publish","hentry"],"_links":{"self":[{"href":"https:\/\/feguihand.com\/indexp.php\/wp-json\/wp\/v2\/pages\/348","targetHints":{"allow":["GET"]}}],"collection":[{"href":"https:\/\/feguihand.com\/indexp.php\/wp-json\/wp\/v2\/pages"}],"about":[{"href":"https:\/\/feguihand.com\/indexp.php\/wp-json\/wp\/v2\/types\/page"}],"author":[{"embeddable":true,"href":"https:\/\/feguihand.com\/indexp.php\/wp-json\/wp\/v2\/users\/2"}],"replies":[{"embeddable":true,"href":"https:\/\/feguihand.com\/indexp.php\/wp-json\/wp\/v2\/comments?post=348"}],"version-history":[{"count":0,"href":"https:\/\/feguihand.com\/indexp.php\/wp-json\/wp\/v2\/pages\/348\/revisions"}],"wp:attachment":[{"href":"https:\/\/feguihand.com\/indexp.php\/wp-json\/wp\/v2\/media?parent=348"}],"curies":[{"name":"wp","href":"https:\/\/api.w.org\/{rel}","templated":true}]}}